{"id":3231,"date":"2023-10-18T15:40:37","date_gmt":"2023-10-18T15:40:37","guid":{"rendered":"https:\/\/integral-toner.de\/?page_id=3231"},"modified":"2025-06-25T12:17:04","modified_gmt":"2025-06-25T10:17:04","slug":"homepage","status":"publish","type":"page","link":"https:\/\/integral-toner.de\/fr\/","title":{"rendered":"Page d&rsquo;accueil"},"content":{"rendered":"  <section class=\"hero block-69ee1903c466a\" >\n    <ul class=\"hero__slider\">\n            <li>\n        <div class=\"container\">\n          <h1 class=\"hero__title\">TRUE POWER.<br>  TONER INT\u00c9GRAL.<\/h1>\n        <\/div>\n                  <img loading=\"lazy\" decoding=\"async\" width=\"1920\" height=\"880\" src=\"https:\/\/integral-toner.de\/wp-content\/uploads\/2023\/10\/true-power-integral-toner-min.jpg\" class=\"attachment-full size-full\" alt=\"Toner in marktf\u00fchrender Quali\" srcset=\"https:\/\/integral-toner.de\/wp-content\/uploads\/2023\/10\/true-power-integral-toner-min.jpg 1920w, https:\/\/integral-toner.de\/wp-content\/uploads\/2023\/10\/true-power-integral-toner-min-300x138.jpg 300w, https:\/\/integral-toner.de\/wp-content\/uploads\/2023\/10\/true-power-integral-toner-min-1024x469.jpg 1024w, https:\/\/integral-toner.de\/wp-content\/uploads\/2023\/10\/true-power-integral-toner-min-768x352.jpg 768w, https:\/\/integral-toner.de\/wp-content\/uploads\/2023\/10\/true-power-integral-toner-min-1536x704.jpg 1536w\" sizes=\"auto, (max-width: 1920px) 100vw, 1920px\" \/>\n              <\/li>\n            <li>\n        <div class=\"container\">\n          <h1 class=\"hero__title\">TRUE BLACK.<br>  TONER INT\u00c9GRAL.<\/h1>\n        <\/div>\n                  <div class=\"d-none d-md-block\">\n            <img loading=\"lazy\" decoding=\"async\" width=\"1920\" height=\"880\" src=\"https:\/\/integral-toner.de\/wp-content\/uploads\/2023\/10\/true-black-integral-toner-min.jpg\" class=\"attachment-full size-full\" alt=\"\" srcset=\"https:\/\/integral-toner.de\/wp-content\/uploads\/2023\/10\/true-black-integral-toner-min.jpg 1920w, https:\/\/integral-toner.de\/wp-content\/uploads\/2023\/10\/true-black-integral-toner-min-300x138.jpg 300w, https:\/\/integral-toner.de\/wp-content\/uploads\/2023\/10\/true-black-integral-toner-min-1024x469.jpg 1024w, https:\/\/integral-toner.de\/wp-content\/uploads\/2023\/10\/true-black-integral-toner-min-768x352.jpg 768w, https:\/\/integral-toner.de\/wp-content\/uploads\/2023\/10\/true-black-integral-toner-min-1536x704.jpg 1536w\" sizes=\"auto, (max-width: 1920px) 100vw, 1920px\" \/>\n          <\/div>\n          <div class=\"d-block d-md-none\">\n            <img loading=\"lazy\" decoding=\"async\" width=\"936\" height=\"880\" src=\"https:\/\/integral-toner.de\/wp-content\/uploads\/2024\/04\/true-black-integral-toner-min-mobile.jpg\" class=\"attachment-full size-full\" alt=\"\" srcset=\"https:\/\/integral-toner.de\/wp-content\/uploads\/2024\/04\/true-black-integral-toner-min-mobile.jpg 936w, https:\/\/integral-toner.de\/wp-content\/uploads\/2024\/04\/true-black-integral-toner-min-mobile-300x282.jpg 300w, https:\/\/integral-toner.de\/wp-content\/uploads\/2024\/04\/true-black-integral-toner-min-mobile-768x722.jpg 768w\" sizes=\"auto, (max-width: 936px) 100vw, 936px\" \/>\n          <\/div>\n              <\/li>\n            <li>\n        <div class=\"container\">\n          <h1 class=\"hero__title\">TRUE COLORS.<br>  TONER INT\u00c9GRAL.<\/h1>\n        <\/div>\n                  <img loading=\"lazy\" decoding=\"async\" width=\"1920\" height=\"880\" src=\"https:\/\/integral-toner.de\/wp-content\/uploads\/2023\/10\/true-colors-integral-toner-min.jpg\" class=\"attachment-full size-full\" alt=\"\" srcset=\"https:\/\/integral-toner.de\/wp-content\/uploads\/2023\/10\/true-colors-integral-toner-min.jpg 1920w, https:\/\/integral-toner.de\/wp-content\/uploads\/2023\/10\/true-colors-integral-toner-min-300x138.jpg 300w, https:\/\/integral-toner.de\/wp-content\/uploads\/2023\/10\/true-colors-integral-toner-min-1024x469.jpg 1024w, https:\/\/integral-toner.de\/wp-content\/uploads\/2023\/10\/true-colors-integral-toner-min-768x352.jpg 768w, https:\/\/integral-toner.de\/wp-content\/uploads\/2023\/10\/true-colors-integral-toner-min-1536x704.jpg 1536w\" sizes=\"auto, (max-width: 1920px) 100vw, 1920px\" \/>\n              <\/li>\n          <\/ul>\n          <a href=\"#kompromisse\" class=\"hero__btn\" title=\"\" >\n        \n      <\/a>\n      <\/section>\n  <section class=\"text-image block-69ee1903ca3e1 type-blanc \" id=\"kompromisse\">\n    <div class=\"container\">\n      <div class=\"row dontcenter\">\n        <div class=\"col-xl-6 text-image__content  mb-5 mb-xl-0 order-xl-1\" data-aos=\"fade-right\" data-aos-anchor=\".block-69ee1903ca3e1\">\n          <div class=\"acf-innerblocks-container\">\n  <h2 class=\"g-h2-subtitle\">\n    <span>LA QUALIT\u00c9 SANS COMPROMIS<\/span><br \/>\n    Le toner pour de meilleures images  <\/h2>\n\n\n\n<p>INTEGRAL est l&rsquo;un des principaux fabricants de toner au monde. En Europe, INTEGRAL est le seul v\u00e9ritable fabricant de poudre de toner ind\u00e9pendant des fabricants d&rsquo;appareils.<\/p>\n\n\n\n<p>L&rsquo;utilisation du toner INTEGRAL offre les avantages d&rsquo;une excellente qualit\u00e9 de produit, d&rsquo;une grande comp\u00e9titivit\u00e9 en termes de prix et de durabilit\u00e9.  <br\/>Le slogan \u00ab\u00a0The Toner for Better Images\u00a0\u00bb est synonyme de qualit\u00e9 sans compromis.  <\/p>\n\n\n\n<p>En tant qu&rsquo;importateur, distributeur ou soci\u00e9t\u00e9 de maintenance de copieurs et de syst\u00e8mes d&rsquo;impression, nous nous engageons \u00e0 vous fournir une exp\u00e9rience produit exceptionnelle \u00e0 tout moment. Et ce depuis plus de 50 ans.<\/p>\n\n<\/div>\n        <\/div>\n\n        <div class=\"col-xl-6   order-xl-2\" data-aos=\"fade-left\" data-aos-anchor=\".block-69ee1903ca3e1\">\n          <div class=\"text-image__image  \">\n                          <img decoding=\"async\" width=\"1071\" height=\"1011\" src=\"https:\/\/integral-toner.de\/wp-content\/uploads\/2023\/10\/the-toner-for-better-images-min.jpg\" class=\"attachment-large_medium size-large_medium\" alt=\"\" loading=\"lazy\" srcset=\"https:\/\/integral-toner.de\/wp-content\/uploads\/2023\/10\/the-toner-for-better-images-min.jpg 1071w, https:\/\/integral-toner.de\/wp-content\/uploads\/2023\/10\/the-toner-for-better-images-min-300x283.jpg 300w, https:\/\/integral-toner.de\/wp-content\/uploads\/2023\/10\/the-toner-for-better-images-min-1024x967.jpg 1024w, https:\/\/integral-toner.de\/wp-content\/uploads\/2023\/10\/the-toner-for-better-images-min-768x725.jpg 768w\" sizes=\"auto, (max-width: 1071px) 100vw, 1071px\" \/>\n                                  <\/div>\n        <\/div>\n      <\/div>\n    <\/div>\n  <\/section>\n  <section class=\"toner block-69ee1903cc672\" >\n    <div class=\"container\">\n      <div class=\"row\">\n        <div class=\"col-12\">\n                      <h2 class=\"g-h2-subtitle\">\n              <span>INTEGRAL-TONER<\/span><br \/>\n              Toner de qualit\u00e9 OEM &#8211; directement du fabricant\n            <\/h2>\n                  <\/div>\n                <div class=\"col-12 text-center\">\n          <div class=\"toner__image\">\n            <img decoding=\"async\" width=\"2200\" height=\"1065\" src=\"https:\/\/integral-toner.de\/wp-content\/uploads\/2023\/11\/integral-produktsortiment.jpg\" class=\"attachment-large_medium size-large_medium\" alt=\"Vielf\u00e4ltiges INTEGRAL Produktsortiment\" loading=\"lazy\" srcset=\"https:\/\/integral-toner.de\/wp-content\/uploads\/2023\/11\/integral-produktsortiment.jpg 2200w, https:\/\/integral-toner.de\/wp-content\/uploads\/2023\/11\/integral-produktsortiment-300x145.jpg 300w, https:\/\/integral-toner.de\/wp-content\/uploads\/2023\/11\/integral-produktsortiment-1024x496.jpg 1024w, https:\/\/integral-toner.de\/wp-content\/uploads\/2023\/11\/integral-produktsortiment-768x372.jpg 768w, https:\/\/integral-toner.de\/wp-content\/uploads\/2023\/11\/integral-produktsortiment-1536x744.jpg 1536w, https:\/\/integral-toner.de\/wp-content\/uploads\/2023\/11\/integral-produktsortiment-2048x991.jpg 2048w\" sizes=\"auto, (max-width: 2200px) 100vw, 2200px\" \/>\n          <\/div>\n        <\/div>\n                <div class=\"col-12 col-lg-6\">\n                      <p class=\"g-description\">\n              D&rsquo;un point de vue qualitatif, le toner INTEGRAL est consid\u00e9r\u00e9 dans le secteur comme comparable<br \/>\r\naux produits originaux des fabricants d&rsquo;appareils. Il n&rsquo;y a qu&rsquo;au niveau du prix qu&rsquo;il y a une diff\u00e9rence significative &#8211; en faveur d&rsquo;INTEGRAL. Le toner INTEGRAL se caract\u00e9rise par une qualit\u00e9 de produit \u00e9lev\u00e9e et constante, sans compromis et \u00e0 un prix tr\u00e8s comp\u00e9titif. Le toner INTEGRAL est \u00e9galement \u00e0 la pointe en mati\u00e8re de respect de l&rsquo;environnement et de durabilit\u00e9.   \n            <\/p>\n                                <a href=\"https:\/\/integral-toner.de\/produkte\/\" class=\"g-btn\" title=\"D\u00e9couvrez nos produits\" target=\"_blank\">\n              D\u00e9couvrez nos produits\n            <\/a>\n                  <\/div>\n      <\/div>\n    <\/div>\n  <\/section>\n    <section class=\"whyintegral block-69ee1903cff31\" >\n        <div class=\"container\">\n            <div class=\"row\">\n                <div class=\"col-12 col-lg-5\">\n                                            <h2 class=\"g-h2-subtitle\">\n                            <span>POURQUOI L&#039;INT\u00c9GRAL ?<\/span><br\/>\n                            Vos avantages\n                        <\/h2>\n                                    <\/div>\n                                    <div class=\"whyintegral__image d-none d-lg-flex\">\n                        <img decoding=\"async\" width=\"2500\" height=\"1595\" src=\"https:\/\/integral-toner.de\/wp-content\/uploads\/2023\/11\/vorteile-mit-integral-1.jpg\" class=\"attachment-large_medium size-large_medium\" alt=\"\" loading=\"lazy\" srcset=\"https:\/\/integral-toner.de\/wp-content\/uploads\/2023\/11\/vorteile-mit-integral-1.jpg 2500w, https:\/\/integral-toner.de\/wp-content\/uploads\/2023\/11\/vorteile-mit-integral-1-300x191.jpg 300w, https:\/\/integral-toner.de\/wp-content\/uploads\/2023\/11\/vorteile-mit-integral-1-1024x653.jpg 1024w, https:\/\/integral-toner.de\/wp-content\/uploads\/2023\/11\/vorteile-mit-integral-1-768x490.jpg 768w, https:\/\/integral-toner.de\/wp-content\/uploads\/2023\/11\/vorteile-mit-integral-1-1536x980.jpg 1536w, https:\/\/integral-toner.de\/wp-content\/uploads\/2023\/11\/vorteile-mit-integral-1-2048x1307.jpg 2048w\" sizes=\"auto, (max-width: 2500px) 100vw, 2500px\" \/>\n                    <\/div>\n                                <div class=\"col-12 col-lg-5 offset-lg-1\">\n                                            <p class=\"g-description\">\n                            Vous achetez le toner directement aupr\u00e8s du fabricant. En faisant du toner INTEGRAL la base de votre succ\u00e8s commercial, vous optez pour une qualit\u00e9 de produit constante et excellente. Le toner INTEGRAL est \u00e9galement attractif en termes de prix et contribue de mani\u00e8re significative \u00e0 la r\u00e9duction des co\u00fbts d&rsquo;exploitation des syst\u00e8mes d&rsquo;impression et de copie. En mati\u00e8re de durabilit\u00e9, le toner INTEGRAL est consid\u00e9r\u00e9 comme un mod\u00e8le.   \n                        <\/p>\n                    \n                                            <ul class=\"mt-5 is-style-red-list d-lg-none\">\n                                                            <li>Une qualit\u00e9 d&#039;impression exceptionnelle<\/li>\n                                                            <li>Excellent &amp;amp; Compatible<\/li>\n                                                            <li>Rendement \u00e9lev\u00e9 des pages<\/li>\n                                                            <li>Durabilit\u00e9<\/li>\n                                                            <li>Le meilleur rapport qualit\u00e9\/prix<\/li>\n                                                            <li>Faibles co\u00fbts d&#039;exploitation<\/li>\n                                                            <li>Un prix attractif<\/li>\n                                                    <\/ul>\n                                    <\/div>\n            <\/div>\n        <\/div>\n\n                    <div class=\"mt-5 m-0 whyintegral__image d-block d-lg-none\">\n                <img decoding=\"async\" width=\"600\" height=\"602\" src=\"https:\/\/integral-toner.de\/wp-content\/uploads\/2023\/11\/Montage-Winter-Kartusche-mobil.jpg\" class=\"attachment-large_medium size-large_medium\" alt=\"Toner direkt vom Hersteller\" loading=\"lazy\" srcset=\"https:\/\/integral-toner.de\/wp-content\/uploads\/2023\/11\/Montage-Winter-Kartusche-mobil.jpg 600w, https:\/\/integral-toner.de\/wp-content\/uploads\/2023\/11\/Montage-Winter-Kartusche-mobil-300x300.jpg 300w, https:\/\/integral-toner.de\/wp-content\/uploads\/2023\/11\/Montage-Winter-Kartusche-mobil-150x150.jpg 150w\" sizes=\"auto, (max-width: 600px) 100vw, 600px\" \/>\n            <\/div>\n            <\/section>\n  <section class=\"advantages block-69ee1903d3110\" >\n    <div class=\"container\">\n      <div class=\"row\">\n                  <div class=\"col-12 col-md-6 col-lg-4\">\n            <div class=\"advantages__item\">\n              <p class=\"advantages__title\">Am\u00e9lioration de la rentabilit\u00e9 et de la qualit\u00e9 d&#039;impression<\/p>\n              <p class=\"advantages__description\">R\u00e9aliser des \u00e9conomies sans compromettre la qualit\u00e9, c&#039;est ce que les professionnels de la copie et de l&#039;impression attendent d&#039;un fabricant de toner de premier plan.<\/p> \n            <\/div>\n          <\/div>\n                  <div class=\"col-12 col-md-6 col-lg-4\">\n            <div class=\"advantages__item\">\n              <p class=\"advantages__title\">Optez pour un v\u00e9ritable fabricant de toner<\/p>\n              <p class=\"advantages__description\">INTEGRAL produit des toners depuis 1973. Avec un demi-si\u00e8cle d&#039;exp\u00e9rience dans la production, nous sommes l&#039;une des entreprises les plus exp\u00e9riment\u00e9es du secteur. <\/p> \n            <\/div>\n          <\/div>\n                  <div class=\"col-12 col-md-6 col-lg-4\">\n            <div class=\"advantages__item\">\n              <p class=\"advantages__title\">Profitez d&#039;une impression et d&#039;une copie de haute qualit\u00e9<\/p>\n              <p class=\"advantages__description\">Les utilisateurs et les entreprises sp\u00e9cialis\u00e9es attendent d&#039;un toner de haute qualit\u00e9 une qualit\u00e9 d&#039;impression irr\u00e9prochable.<\/p> \n            <\/div>\n          <\/div>\n                  <div class=\"col-12 col-md-6 col-lg-4\">\n            <div class=\"advantages__item\">\n              <p class=\"advantages__title\">Choisissez des produits \u00e0 haute durabilit\u00e9<\/p>\n              <p class=\"advantages__description\">Le d\u00e9veloppement durable est une priorit\u00e9 pour INTEGRAL. L&#039;utilisation responsable des ressources est au c\u0153ur de la philosophie de l&#039;entreprise. <\/p> \n            <\/div>\n          <\/div>\n                  <div class=\"col-12 col-md-6 col-lg-4\">\n            <div class=\"advantages__item\">\n              <p class=\"advantages__title\">Optimisez les avantages et les b\u00e9n\u00e9fices pour votre entreprise et vos clients<\/p>\n              <p class=\"advantages__description\">Le slogan de l&#039;entreprise &quot;The Toner for Better Images&quot; (Le toner pour de meilleures images) est synonyme d&#039;avantages li\u00e9s \u00e0 l&#039;utilisation du toner INTEGRAL.<\/p> \n            <\/div>\n          <\/div>\n                  <div class=\"col-12 col-md-6 col-lg-4\">\n            <div class=\"advantages__item\">\n              <p class=\"advantages__title\">Optimisez les co\u00fbts d&#039;exploitation des appareils<\/p>\n              <p class=\"advantages__description\">Pour \u00eatre rentable, un toner doit non seulement garantir une qualit\u00e9 d&#039;impression \u00e9lev\u00e9e, mais aussi des co\u00fbts de fonctionnement r\u00e9duits pour le mat\u00e9riel.<\/p> \n            <\/div>\n          <\/div>\n                <div class=\"col-12\">\n                      <a href=\"https:\/\/integral-toner.de\/unternehmen\/warum-integral\/\" class=\"g-btn\" title=\"En savoir plus maintenant\" >\n              En savoir plus maintenant\n            <\/a>\n                  <\/div>\n      <\/div>\n    <\/div>\n  <\/section>\n    <section class=\"career block-69ee1903d730e\" >\n                    <div class=\"career__image\">\n                <img decoding=\"async\" width=\"945\" height=\"548\" src=\"https:\/\/integral-toner.de\/wp-content\/uploads\/2023\/10\/karriere-bei-integral-min.jpg\" class=\"attachment-large_medium size-large_medium\" alt=\"\" loading=\"lazy\" srcset=\"https:\/\/integral-toner.de\/wp-content\/uploads\/2023\/10\/karriere-bei-integral-min.jpg 945w, https:\/\/integral-toner.de\/wp-content\/uploads\/2023\/10\/karriere-bei-integral-min-300x174.jpg 300w, https:\/\/integral-toner.de\/wp-content\/uploads\/2023\/10\/karriere-bei-integral-min-768x445.jpg 768w\" sizes=\"auto, (max-width: 945px) 100vw, 945px\" \/>\n            <\/div>\n                <div class=\"container\">\n            <div class=\"row\">\n                <div class=\"col-12 col-xl-5\">\n                                            <h2 class=\"g-h2-subtitle\">\n                            <span>CARRI\u00c8RE CHEZ INTEGRAL<\/span><br\/>\n                            Ensemble, nous donnons le(s) ton(s)\n                        <\/h2>\n                    \n                                            <p class=\"g-description\">\n                            Il est temps de changer de carri\u00e8re ? Vous souhaitez apporter un vent de fra\u00eecheur \u00e0 votre carri\u00e8re ? En tant que collaborateur engag\u00e9 et comp\u00e9tent, vous \u00eates sur la bonne voie chez INTEGRAL. Nous offrons des opportunit\u00e9s de carri\u00e8re int\u00e9ressantes aux personnes les plus performantes. Et peut-\u00eatre pourrons-nous bient\u00f4t vous accueillir au sein de notre \u00e9quipe.    <br \/>\r\n<br \/>\r\nTrouvez d\u00e8s maintenant l&#8217;emploi qui vous convient chez nous !\n                        <\/p>\n                    \n                                            <a href=\"https:\/\/integral-toner.de\/unternehmen\/karriere\/#stellenanzeigen\" class=\"g-btn\" title=\"Offres d&#039;emploi actuelles\"\n                           >\n                            Offres d&#039;emploi actuelles\n                        <\/a>\n                                    <\/div>\n            <\/div>\n            <div class=\"row career__cards \">\n                \n                <div class=\"col-12 \">\n                    <div class=\"g-card second\">\n                                                    <p class=\"g-card__title\">SUPPORT<\/p>\n                            <p class=\"g-card__description\">Vous avez des questions sur nous ou sur nos produits ?<\/p>\n                                                                            <span class=\"g-card__arrow\"><\/span>\n                            <a href=\"https:\/\/integral-toner.de\/support\/\" class=\"g-card__link\" title=\"Vous avez des questions sur nous ou sur nos produits ?\"><\/a>\n                                            <\/div>\n                <\/div>\n            <\/div>\n        <\/div>\n    <\/section>\n","protected":false},"excerpt":{"rendered":"","protected":false},"author":1,"featured_media":999,"parent":0,"menu_order":0,"comment_status":"closed","ping_status":"open","template":"","meta":{"_acf_changed":false,"_seopress_robots_primary_cat":"","_seopress_titles_title":"Fabricant de toner | INTEGRAL Toner","_seopress_titles_desc":"Toner B2B pour importateurs & revendeurs \u2714\ufe0f Qualit\u00e9 OEM \u2714\ufe0f Ind\u00e9pendant des fabricants \u2714\ufe0f Durable \u2714\ufe0f Demandez un prix maintenant !","_seopress_robots_index":"","footnotes":""},"class_list":["post-3231","page","type-page","status-publish","has-post-thumbnail","hentry"],"acf":[],"_links":{"self":[{"href":"https:\/\/integral-toner.de\/fr\/wp-json\/wp\/v2\/pages\/3231","targetHints":{"allow":["GET"]}}],"collection":[{"href":"https:\/\/integral-toner.de\/fr\/wp-json\/wp\/v2\/pages"}],"about":[{"href":"https:\/\/integral-toner.de\/fr\/wp-json\/wp\/v2\/types\/page"}],"author":[{"embeddable":true,"href":"https:\/\/integral-toner.de\/fr\/wp-json\/wp\/v2\/users\/1"}],"replies":[{"embeddable":true,"href":"https:\/\/integral-toner.de\/fr\/wp-json\/wp\/v2\/comments?post=3231"}],"version-history":[{"count":22,"href":"https:\/\/integral-toner.de\/fr\/wp-json\/wp\/v2\/pages\/3231\/revisions"}],"predecessor-version":[{"id":8846,"href":"https:\/\/integral-toner.de\/fr\/wp-json\/wp\/v2\/pages\/3231\/revisions\/8846"}],"wp:featuredmedia":[{"embeddable":true,"href":"https:\/\/integral-toner.de\/fr\/wp-json\/wp\/v2\/media\/999"}],"wp:attachment":[{"href":"https:\/\/integral-toner.de\/fr\/wp-json\/wp\/v2\/media?parent=3231"}],"curies":[{"name":"wp","href":"https:\/\/api.w.org\/{rel}","templated":true}]}}