{"id":4081,"date":"2023-11-13T11:20:54","date_gmt":"2023-11-13T11:20:54","guid":{"rendered":"https:\/\/integral-toner.de\/entscheiden-sie-sich-fuer-einen-echten-tonerhersteller\/"},"modified":"2025-07-01T12:58:50","modified_gmt":"2025-07-01T10:58:50","slug":"elija-un-fabricante-de-toner-genuino","status":"publish","type":"page","link":"https:\/\/integral-toner.de\/es\/compania\/por-que-integral\/elija-un-fabricante-de-toner-genuino\/","title":{"rendered":"Elige un fabricante de t\u00f3ner original"},"content":{"rendered":"  <section class=\"textsection block-69ee44871188a type- \" >\n    <div class=\"container\">\n      <div class=\"row\">\n        <div class=\"col-12 col-lg-8 offset-lg-2 g-content\">\n          <div class=\"acf-innerblocks-container\">\n  <h1 class=\"g-h1-subtitle\">\n    <span>Por qu\u00e9 integral<\/span><br \/>\n    Elige un fabricante de t\u00f3ner original  <\/h1>\n\n\n\n<figure class=\"wp-block-image size-full\"><img loading=\"lazy\" decoding=\"async\" width=\"945\" height=\"548\" src=\"https:\/\/integral-toner.de\/wp-content\/uploads\/2023\/10\/integral-tonerhersteller.jpg\" alt=\"\" class=\"wp-image-262\" srcset=\"https:\/\/integral-toner.de\/wp-content\/uploads\/2023\/10\/integral-tonerhersteller.jpg 945w, https:\/\/integral-toner.de\/wp-content\/uploads\/2023\/10\/integral-tonerhersteller-300x174.jpg 300w, https:\/\/integral-toner.de\/wp-content\/uploads\/2023\/10\/integral-tonerhersteller-768x445.jpg 768w\" sizes=\"auto, (max-width: 945px) 100vw, 945px\" \/><\/figure>\n\n\n\n<p>INTEGRAL lleva fabricando t\u00f3neres desde 1973 y, con medio siglo de experiencia en producci\u00f3n, somos una de las empresas con m\u00e1s experiencia del sector. En la actualidad, INTEGRAL es uno de los principales fabricantes de t\u00f3ner del mundo.  <\/p>\n\n\n\n<p>Por cierto, INTEGRAL es el \u00fanico fabricante independiente de t\u00f3ner de Europa.<\/p>\n\n\n\n<p>Por producci\u00f3n de t\u00f3ner no entendemos el montaje de cartuchos de t\u00f3ner, sino la producci\u00f3n completa de t\u00f3ner en polvo, empezando por la extrusi\u00f3n de las materias primas, seguida del proceso de molienda, el proceso de tamizado y el recubrimiento aditivo de la superficie de las part\u00edculas de t\u00f3ner.<br\/><br\/>El polvo de t\u00f3ner INTEGRAL se fabrica en modernas instalaciones de producci\u00f3n totalmente automatizadas. Para la producci\u00f3n s\u00f3lo se utilizan materias primas especializadas de alta calidad. El desarrollo y el control de calidad de los t\u00f3neres monocromo y de color tienen lugar en un laboratorio de desarrollo interno totalmente equipado. Al elegir INTEGRAL para tus necesidades de t\u00f3ner, eliges trabajar directamente con el fabricante.   <\/p>\n\n\n      <a class=\"is-style-back-to\" href=\"https:\/\/integral-toner.de\/unternehmen\/warum-integral#tonhersteller\/\" target=\"\">\n        <svg xmlns=\"http:\/\/www.w3.org\/2000\/svg\" width=\"26.964\" height=\"15.208\" viewBox=\"0 0 26.964 15.208\">\n  <g transform=\"translate(1 0.707)\">\n    <path d=\"M388.367,27l-6.9-6.9a1,1,0,0,1,0-1.414l6.9-6.9,1.414,1.414-6.19,6.19,6.19,6.19Z\" transform=\"translate(-382.177 -12.5)\" fill=\"#e3051b\"\/>\n    <path d=\"M25.964,1H0V-1H25.964Z\" transform=\"translate(0 6.897)\" fill=\"#e3051b\"\/>\n  <\/g>\n<\/svg>\n\n        Volver a la vista general    <\/a>\n  \n<\/div>\n        <\/div>\n      <\/div>\n    <\/div>\n  <\/section>\n","protected":false},"excerpt":{"rendered":"","protected":false},"author":2,"featured_media":1319,"parent":3431,"menu_order":0,"comment_status":"closed","ping_status":"closed","template":"template-article.php","meta":{"_acf_changed":false,"_seopress_robots_primary_cat":"","_seopress_titles_title":"Fabricante de t\u00f3ner desde 1973 | T\u00f3ner INTEGRAL","_seopress_titles_desc":"Con m\u00e1s de 50 a\u00f1os de experiencia en producci\u00f3n, somos una de las empresas con m\u00e1s experiencia del sector. Con nosotros encontrar\u00e1s desde la producci\u00f3n completa del polvo de t\u00f3ner hasta los cartuchos acabados que se colocan en la impresora de casa. \u2794 \u00a1Cooperaci\u00f3n directa con el fabricante!","_seopress_robots_index":"","footnotes":""},"class_list":["post-4081","page","type-page","status-publish","has-post-thumbnail","hentry"],"acf":[],"_links":{"self":[{"href":"https:\/\/integral-toner.de\/es\/wp-json\/wp\/v2\/pages\/4081","targetHints":{"allow":["GET"]}}],"collection":[{"href":"https:\/\/integral-toner.de\/es\/wp-json\/wp\/v2\/pages"}],"about":[{"href":"https:\/\/integral-toner.de\/es\/wp-json\/wp\/v2\/types\/page"}],"author":[{"embeddable":true,"href":"https:\/\/integral-toner.de\/es\/wp-json\/wp\/v2\/users\/2"}],"replies":[{"embeddable":true,"href":"https:\/\/integral-toner.de\/es\/wp-json\/wp\/v2\/comments?post=4081"}],"version-history":[{"count":9,"href":"https:\/\/integral-toner.de\/es\/wp-json\/wp\/v2\/pages\/4081\/revisions"}],"predecessor-version":[{"id":9319,"href":"https:\/\/integral-toner.de\/es\/wp-json\/wp\/v2\/pages\/4081\/revisions\/9319"}],"up":[{"embeddable":true,"href":"https:\/\/integral-toner.de\/es\/wp-json\/wp\/v2\/pages\/3431"}],"wp:featuredmedia":[{"embeddable":true,"href":"https:\/\/integral-toner.de\/es\/wp-json\/wp\/v2\/media\/1319"}],"wp:attachment":[{"href":"https:\/\/integral-toner.de\/es\/wp-json\/wp\/v2\/media?parent=4081"}],"curies":[{"name":"wp","href":"https:\/\/api.w.org\/{rel}","templated":true}]}}