{"id":4038,"date":"2023-11-13T12:17:13","date_gmt":"2023-11-13T12:17:13","guid":{"rendered":"https:\/\/integral-toner.de\/leidenschaft-fuer-spitzenleistungen\/"},"modified":"2025-07-01T12:58:42","modified_gmt":"2025-07-01T10:58:42","slug":"tiene-pasion-por-la-excelencia","status":"publish","type":"page","link":"https:\/\/integral-toner.de\/es\/compania\/carrera\/tiene-pasion-por-la-excelencia\/","title":{"rendered":"Pasi\u00f3n por el m\u00e1ximo rendimiento"},"content":{"rendered":"  <section class=\"textsection block-69ec7a82502d0 type- \" >\n    <div class=\"container\">\n      <div class=\"row\">\n        <div class=\"col-12 col-lg-8 offset-lg-2 g-content\">\n          <div class=\"acf-innerblocks-container\">\n  <h1 class=\"g-h1-subtitle\">\n    <span>Carrera profesional<\/span><br \/>\n    Pasi\u00f3n por el m\u00e1ximo rendimiento  <\/h1>\n\n\n\n<figure class=\"wp-block-image size-full\"><img loading=\"lazy\" decoding=\"async\" width=\"945\" height=\"548\" src=\"https:\/\/integral-toner.de\/wp-content\/uploads\/2023\/10\/integral-leidenschaft-fuer-spitzenleistung.jpg\" alt=\"\" class=\"wp-image-330\" srcset=\"https:\/\/integral-toner.de\/wp-content\/uploads\/2023\/10\/integral-leidenschaft-fuer-spitzenleistung.jpg 945w, https:\/\/integral-toner.de\/wp-content\/uploads\/2023\/10\/integral-leidenschaft-fuer-spitzenleistung-300x174.jpg 300w, https:\/\/integral-toner.de\/wp-content\/uploads\/2023\/10\/integral-leidenschaft-fuer-spitzenleistung-768x445.jpg 768w\" sizes=\"auto, (max-width: 945px) 100vw, 945px\" \/><\/figure>\n\n\n\n<p>La clave del \u00e9xito sigue siendo constante: la atenci\u00f3n a la calidad sin concesiones y a las necesidades del cliente, la orientaci\u00f3n al valor combinada con la orientaci\u00f3n tecnol\u00f3gica y el compromiso del equipo de empleados motivados y con talento.<\/p>\n\n\n\n<p>En funci\u00f3n de estos factores, ofrecemos puestos en diversas \u00e1reas de la empresa. \u00bfEst\u00e1s comprometido y te gustar\u00eda unirte a INTEGRAL en el camino hacia el \u00e9xito? Entonces encuentra ahora el puesto adecuado y presenta tu candidatura.  <\/p>\n\n\n      <a class=\"is-style-back-to\" href=\"https:\/\/integral-toner.de\/unternehmen\/karriere\/\" target=\"\">\n        <svg xmlns=\"http:\/\/www.w3.org\/2000\/svg\" width=\"26.964\" height=\"15.208\" viewBox=\"0 0 26.964 15.208\">\n  <g transform=\"translate(1 0.707)\">\n    <path d=\"M388.367,27l-6.9-6.9a1,1,0,0,1,0-1.414l6.9-6.9,1.414,1.414-6.19,6.19,6.19,6.19Z\" transform=\"translate(-382.177 -12.5)\" fill=\"#e3051b\"\/>\n    <path d=\"M25.964,1H0V-1H25.964Z\" transform=\"translate(0 6.897)\" fill=\"#e3051b\"\/>\n  <\/g>\n<\/svg>\n\n        Volver a la vista general    <\/a>\n  \n<\/div>\n        <\/div>\n      <\/div>\n    <\/div>\n  <\/section>\n","protected":false},"excerpt":{"rendered":"","protected":false},"author":2,"featured_media":946,"parent":3500,"menu_order":0,"comment_status":"closed","ping_status":"closed","template":"template-article.php","meta":{"_acf_changed":false,"_seopress_robots_primary_cat":"","_seopress_titles_title":"Tu camino hacia el \u00e9xito junto con INTEGRAL | Fabricante de t\u00f3ner INTEGRAL","_seopress_titles_desc":"La clave del \u00e9xito sigue siendo constante \u2794 Empleados con talento que satisfacen las necesidades de los clientes con una calidad sin concesiones \u2794 \u00a1Por eso te necesitamos!","_seopress_robots_index":"","footnotes":""},"class_list":["post-4038","page","type-page","status-publish","has-post-thumbnail","hentry"],"acf":[],"_links":{"self":[{"href":"https:\/\/integral-toner.de\/es\/wp-json\/wp\/v2\/pages\/4038","targetHints":{"allow":["GET"]}}],"collection":[{"href":"https:\/\/integral-toner.de\/es\/wp-json\/wp\/v2\/pages"}],"about":[{"href":"https:\/\/integral-toner.de\/es\/wp-json\/wp\/v2\/types\/page"}],"author":[{"embeddable":true,"href":"https:\/\/integral-toner.de\/es\/wp-json\/wp\/v2\/users\/2"}],"replies":[{"embeddable":true,"href":"https:\/\/integral-toner.de\/es\/wp-json\/wp\/v2\/comments?post=4038"}],"version-history":[{"count":9,"href":"https:\/\/integral-toner.de\/es\/wp-json\/wp\/v2\/pages\/4038\/revisions"}],"predecessor-version":[{"id":9300,"href":"https:\/\/integral-toner.de\/es\/wp-json\/wp\/v2\/pages\/4038\/revisions\/9300"}],"up":[{"embeddable":true,"href":"https:\/\/integral-toner.de\/es\/wp-json\/wp\/v2\/pages\/3500"}],"wp:featuredmedia":[{"embeddable":true,"href":"https:\/\/integral-toner.de\/es\/wp-json\/wp\/v2\/media\/946"}],"wp:attachment":[{"href":"https:\/\/integral-toner.de\/es\/wp-json\/wp\/v2\/media?parent=4038"}],"curies":[{"name":"wp","href":"https:\/\/api.w.org\/{rel}","templated":true}]}}