{"id":4011,"date":"2023-10-28T10:59:11","date_gmt":"2023-10-28T10:59:11","guid":{"rendered":"https:\/\/integral-toner.de\/qualitaet-und-zuverlaessigkeit-stehen-bei-integral-an-erster-stelle\/"},"modified":"2025-06-25T14:57:25","modified_gmt":"2025-06-25T12:57:25","slug":"la-calidad-y-la-confiabilidad-son-las-principales-prioridades","status":"publish","type":"page","link":"https:\/\/integral-toner.de\/es\/la-calidad-y-la-confiabilidad-son-las-principales-prioridades\/","title":{"rendered":"La calidad y la fiabilidad son las m\u00e1ximas prioridades de INTEGRAL"},"content":{"rendered":"  <section class=\"textsection block-69f5bfc8ab45c type- \" >\n    <div class=\"container\">\n      <div class=\"row\">\n        <div class=\"col-12 col-lg-8 offset-lg-2 g-content\">\n          <div class=\"acf-innerblocks-container\">\n  <h1 class=\"g-h1-subtitle\">\n    <span>Empresa<\/span><br \/>\n    La calidad y la fiabilidad son las m\u00e1ximas prioridades de INTEGRAL  <\/h1>\n\n\n\n<figure class=\"wp-block-image size-full\"><img loading=\"lazy\" decoding=\"async\" width=\"945\" height=\"548\" src=\"https:\/\/integral-toner.de\/wp-content\/uploads\/2023\/10\/integral-zuverlaessigkeit.jpg\" alt=\"\" class=\"wp-image-402\" srcset=\"https:\/\/integral-toner.de\/wp-content\/uploads\/2023\/10\/integral-zuverlaessigkeit.jpg 945w, https:\/\/integral-toner.de\/wp-content\/uploads\/2023\/10\/integral-zuverlaessigkeit-300x174.jpg 300w, https:\/\/integral-toner.de\/wp-content\/uploads\/2023\/10\/integral-zuverlaessigkeit-768x445.jpg 768w\" sizes=\"auto, (max-width: 945px) 100vw, 945px\" \/><\/figure>\n\n\n\n<p>Se realizan pruebas exhaustivas de impresi\u00f3n y copia para garantizar la densidad \u00f3ptica, el rendimiento por p\u00e1gina y, en el caso del t\u00f3ner para dispositivos a todo color, la precisi\u00f3n del color. Las amplias medidas de aseguramiento de la calidad contribuyen a garantizar que los clientes s\u00f3lo reciban productos que cumplan las normas m\u00e1s estrictas. <\/p>\n\n\n\n<p>El exhaustivo sistema de control de calidad durante el proceso de producci\u00f3n garantiza que s\u00f3lo se entreguen productos que cumplan los elevados est\u00e1ndares de calidad de INTEGRAL.<\/p>\n\n\n\n<p>Las modernas instalaciones de laboratorio apoyan un control de calidad sin fisuras. La ventaja m\u00e1s importante para los clientes es la excelente calidad y rendimiento de los productos. <\/p>\n\n\n\n<p>Una calidad excepcional significa un t\u00f3ner de rendimiento y composici\u00f3n constantes en cada entrega.<\/p>\n\n\n\n<p>Los nuevos productos siempre se someten a pruebas exhaustivas. \u00c9stas tienen lugar en diversas condiciones ambientales y de equipamiento. Tambi\u00e9n se realizan pruebas internas a largo plazo.  <\/p>\n\n\n\n<p>Cada lote de producci\u00f3n se somete a exhaustivos an\u00e1lisis de control de calidad en el propio laboratorio de desarrollo de la empresa antes de su entrega al cliente. Adem\u00e1s, se realizan las pruebas de copia e impresi\u00f3n pertinentes. <\/p>\n\n\n\n<p>Si, adem\u00e1s de la calidad del producto y la competitividad de los precios, son importantes la alta disponibilidad del producto y los plazos de entrega cortos, INTEGRAL es el socio adecuado para ti.<\/p>\n\n\n\n<div class=\"gallery\"  data-images=\"https:\/\/integral-toner.de\/wp-content\/uploads\/2023\/11\/laborcomputer-mit-messerbenissen.jpg||https:\/\/integral-toner.de\/wp-content\/uploads\/2023\/11\/laborant-kopiert-dokumente.jpg||https:\/\/integral-toner.de\/wp-content\/uploads\/2023\/11\/laborrant-kontrolliert-ergebnisse.jpg\" >\n    <ul class=\"gallery__images\">\n                    <li><img loading=\"lazy\" decoding=\"async\" width=\"1100\" height=\"740\" src=\"https:\/\/integral-toner.de\/wp-content\/uploads\/2023\/11\/laborcomputer-mit-messerbenissen.jpg\" class=\"attachment-full size-full\" alt=\"Computer im Labor bei INTEGRAL\" srcset=\"https:\/\/integral-toner.de\/wp-content\/uploads\/2023\/11\/laborcomputer-mit-messerbenissen.jpg 1100w, https:\/\/integral-toner.de\/wp-content\/uploads\/2023\/11\/laborcomputer-mit-messerbenissen-300x202.jpg 300w, https:\/\/integral-toner.de\/wp-content\/uploads\/2023\/11\/laborcomputer-mit-messerbenissen-1024x689.jpg 1024w, https:\/\/integral-toner.de\/wp-content\/uploads\/2023\/11\/laborcomputer-mit-messerbenissen-768x517.jpg 768w\" sizes=\"auto, (max-width: 1100px) 100vw, 1100px\" \/><\/li>\n                    <li><img loading=\"lazy\" decoding=\"async\" width=\"1100\" height=\"733\" src=\"https:\/\/integral-toner.de\/wp-content\/uploads\/2023\/11\/laborant-kopiert-dokumente.jpg\" class=\"attachment-full size-full\" alt=\"Laborant f\u00fchrt Toner-Tests durch bei INTEGRAL\" srcset=\"https:\/\/integral-toner.de\/wp-content\/uploads\/2023\/11\/laborant-kopiert-dokumente.jpg 1100w, https:\/\/integral-toner.de\/wp-content\/uploads\/2023\/11\/laborant-kopiert-dokumente-300x200.jpg 300w, https:\/\/integral-toner.de\/wp-content\/uploads\/2023\/11\/laborant-kopiert-dokumente-1024x682.jpg 1024w, https:\/\/integral-toner.de\/wp-content\/uploads\/2023\/11\/laborant-kopiert-dokumente-768x512.jpg 768w\" sizes=\"auto, (max-width: 1100px) 100vw, 1100px\" \/><\/li>\n                    <li><img loading=\"lazy\" decoding=\"async\" width=\"1100\" height=\"700\" src=\"https:\/\/integral-toner.de\/wp-content\/uploads\/2023\/11\/laborrant-kontrolliert-ergebnisse.jpg\" class=\"attachment-full size-full\" alt=\"Der Laborant \u00fcberpr\u00fcft die Ergebnisse der Druck- und Kopierertests f\u00fcr den INTEGRAL-Toner\" srcset=\"https:\/\/integral-toner.de\/wp-content\/uploads\/2023\/11\/laborrant-kontrolliert-ergebnisse.jpg 1100w, https:\/\/integral-toner.de\/wp-content\/uploads\/2023\/11\/laborrant-kontrolliert-ergebnisse-300x191.jpg 300w, https:\/\/integral-toner.de\/wp-content\/uploads\/2023\/11\/laborrant-kontrolliert-ergebnisse-1024x652.jpg 1024w, https:\/\/integral-toner.de\/wp-content\/uploads\/2023\/11\/laborrant-kontrolliert-ergebnisse-768x489.jpg 768w\" sizes=\"auto, (max-width: 1100px) 100vw, 1100px\" \/><\/li>\n            <\/ul>\n<\/div>\n\n\n      <a class=\"is-style-back-to\" href=\"https:\/\/integral-toner.de\/unternehmen\/#qualitatssicherung\" target=\"\">\n        <svg xmlns=\"http:\/\/www.w3.org\/2000\/svg\" width=\"26.964\" height=\"15.208\" viewBox=\"0 0 26.964 15.208\">\n  <g transform=\"translate(1 0.707)\">\n    <path d=\"M388.367,27l-6.9-6.9a1,1,0,0,1,0-1.414l6.9-6.9,1.414,1.414-6.19,6.19,6.19,6.19Z\" transform=\"translate(-382.177 -12.5)\" fill=\"#e3051b\"\/>\n    <path d=\"M25.964,1H0V-1H25.964Z\" transform=\"translate(0 6.897)\" fill=\"#e3051b\"\/>\n  <\/g>\n<\/svg>\n\n        Volver a la vista general    <\/a>\n  \n<\/div>\n        <\/div>\n      <\/div>\n    <\/div>\n  <\/section>\n","protected":false},"excerpt":{"rendered":"","protected":false},"author":1,"featured_media":978,"parent":0,"menu_order":0,"comment_status":"closed","ping_status":"closed","template":"template-article.php","meta":{"_acf_changed":false,"_seopress_robots_primary_cat":"","_seopress_titles_title":"Calidad en el desarrollo del t\u00f3ner | INTEGRAL","_seopress_titles_desc":"Los nuevos productos siempre se someten a pruebas exhaustivas. \u2794 Las pruebas a largo plazo se realizan en diversas condiciones ambientales y del dispositivo directamente en Integral.","_seopress_robots_index":"","footnotes":""},"class_list":["post-4011","page","type-page","status-publish","has-post-thumbnail","hentry"],"acf":[],"_links":{"self":[{"href":"https:\/\/integral-toner.de\/es\/wp-json\/wp\/v2\/pages\/4011","targetHints":{"allow":["GET"]}}],"collection":[{"href":"https:\/\/integral-toner.de\/es\/wp-json\/wp\/v2\/pages"}],"about":[{"href":"https:\/\/integral-toner.de\/es\/wp-json\/wp\/v2\/types\/page"}],"author":[{"embeddable":true,"href":"https:\/\/integral-toner.de\/es\/wp-json\/wp\/v2\/users\/1"}],"replies":[{"embeddable":true,"href":"https:\/\/integral-toner.de\/es\/wp-json\/wp\/v2\/comments?post=4011"}],"version-history":[{"count":9,"href":"https:\/\/integral-toner.de\/es\/wp-json\/wp\/v2\/pages\/4011\/revisions"}],"predecessor-version":[{"id":8973,"href":"https:\/\/integral-toner.de\/es\/wp-json\/wp\/v2\/pages\/4011\/revisions\/8973"}],"wp:featuredmedia":[{"embeddable":true,"href":"https:\/\/integral-toner.de\/es\/wp-json\/wp\/v2\/media\/978"}],"wp:attachment":[{"href":"https:\/\/integral-toner.de\/es\/wp-json\/wp\/v2\/media?parent=4011"}],"curies":[{"name":"wp","href":"https:\/\/api.w.org\/{rel}","templated":true}]}}